{"id":860,"date":"2025-06-03T13:16:43","date_gmt":"2025-06-03T13:16:43","guid":{"rendered":"https:\/\/www.kiralyszentistvan.hu\/kiraly\/?page_id=860"},"modified":"2025-06-04T15:54:55","modified_gmt":"2025-06-04T15:54:55","slug":"projektek","status":"publish","type":"page","link":"https:\/\/www.kiralyszentistvan.hu\/kiraly\/projektek\/","title":{"rendered":"Ker\u00e9kp\u00e1r\u00fat l\u00e9tes\u00edt\u00e9se Lit\u00e9r-Kir\u00e1lyszentistv\u00e1n telep\u00fcl\u00e9sek k\u00f6z\u00f6tt"},"content":{"rendered":"<div class=\"wp-block-image\">\n<figure class=\"alignright size-full is-resized\"><img loading=\"lazy\" decoding=\"async\" width=\"767\" height=\"530\" src=\"https:\/\/www.kiralyszentistvan.hu\/kiraly\/wp-content\/uploads\/2025\/06\/szechenyi_logo.jpg\" alt=\"\" class=\"wp-image-867\" style=\"width:384px;height:auto\" srcset=\"https:\/\/www.kiralyszentistvan.hu\/kiraly\/wp-content\/uploads\/2025\/06\/szechenyi_logo.jpg 767w, https:\/\/www.kiralyszentistvan.hu\/kiraly\/wp-content\/uploads\/2025\/06\/szechenyi_logo-300x207.jpg 300w\" sizes=\"auto, (max-width: 767px) 100vw, 767px\" \/><\/figure>\n<\/div>\n\n\n<p><strong>Projektk\u00f6zlem\u00e9ny 2019.12.12<\/strong><\/p>\n\n\n\n<p><strong><br>A \u201eKer\u00e9kp\u00e1r\u00fat l\u00e9tes\u00edt\u00e9se Lit\u00e9r-Kir\u00e1lyszentistv\u00e1n telep\u00fcl\u00e9sek k\u00f6z\u00f6tt\u201d c\u00edmmel &#8211; projektazonos\u00edt\u00f3<br>sz\u00e1ma TOP-3.1.1-16-VE1-2017-00018- a Kir\u00e1lyszentistv\u00e1n K\u00f6zs\u00e9g \u00d6nkorm\u00e1nyzata \u00e1ltal vezetett<br>konzorcium &#8211; konzorciumi partner Lit\u00e9r K\u00f6zs\u00e9g \u00d6nkorm\u00e1nyzata- sikeresen p\u00e1ly\u00e1zott az<br>Eur\u00f3pai Fejleszt\u00e9si Alap \u00e9s Magyarorsz\u00e1g k\u00f6lts\u00e9gvet\u00e9se \u00e1ltal t\u00e1rsfinansz\u00edrozott Telep\u00fcl\u00e9s \u00e9s<br>Ter\u00fcletfejleszt\u00e9si Operat\u00edv Program Fenntarthat\u00f3 telep\u00fcl\u00e9si k\u00f6zleked\u00e9sfejleszt\u00e9s (TOP-3.1.1-16)<br>megnevez\u00e9s\u0171 felh\u00edv\u00e1s\u00e1ra \u00e9s nyert brutt\u00f3 280, 487 mFt, p\u00e1ly\u00e1zati t\u00e1mogat\u00e1st a telep\u00fcl\u00e9seket<br>\u00f6sszek\u00f6t\u0151 ker\u00e9kp\u00e1r\u00fat meg\u00e9p\u00edt\u00e9sre.<\/strong><br>A Fejleszt\u00e9s nyom\u00e1n a k\u00e9t telep\u00fcl\u00e9s k\u00f6z\u00f6tt lehet\u0151s\u00e9g ny\u00edlik a biztons\u00e1gos ker\u00e9kp\u00e1roz\u00e1sra, valamint<br>egy kor\u00e1bbi, Szentkir\u00e1lyszabadj\u00e1t \u00e9s Lit\u00e9rt \u00f6sszek\u00f6t\u0151 ker\u00e9kp\u00e1r\u00fatvonalhoz val\u00f3 csatlakoz\u00e1ssal<br>Veszpr\u00e9m megk\u00f6zel\u00edt\u00e9se is megoldott lesz.<br>A biztons\u00e1gos k\u00f6zleked\u00e9si felt\u00e9telekhez elengedhetetlen, hogy Lit\u00e9rt\u0151l Kir\u00e1lyszentistv\u00e1n belter\u00fcleti<br>hat\u00e1r\u00e1ig \u00f6n\u00e1ll\u00f3an vezetett ker\u00e9kp\u00e1r\u00fat ker\u00fclj\u00f6n kialak\u00edt\u00e1sra, hiszen a g\u00e9pj\u00e1rm\u0171 forgalom kifejezetten<br>magas a telep\u00fcl\u00e9sek k\u00f6z\u00f6tt.<br>A projekt keret\u00e9ben 3,7 km ker\u00e9kp\u00e1r\u00fat \u00e9p\u00edtenek, illetve jel\u00f6lnek ki a k\u00e9t telep\u00fcl\u00e9s k\u00f6z\u00f6tt, amelyb\u0151l 2<br>km-es szakasz \u00fajonnan \u00e9p\u00edtett \u00fat lesz kiz\u00e1r\u00f3lag a biciklisek sz\u00e1m\u00e1ra, 1,7 km-es szakaszon pedig<br>kijel\u00f6lt ker\u00e9kp\u00e1ros nyomvonalat alak\u00edtanak ki.<br>Az \u00d6nkorm\u00e1nyzatok t\u00e1rsadalmi felel\u0151ss\u00e9gv\u00e1llal\u00e1suknak eleget t\u00e9ve a beruh\u00e1z\u00e1s r\u00e9szek\u00e9nt<br>megval\u00f3s\u00edtj\u00e1k szeml\u00e9letfom\u00e1l\u00f3 kap\u00e1nyiakat, melynek c\u00e9lja a k\u00f6zleked\u00e9sbiztons\u00e1g jav\u00edt\u00e1sa \u00e9s a<br>k\u00f6zleked\u00e9si kult\u00fara sz\u00ednvonal\u00e1nak az emel\u00e9se.<br>A fejleszt\u00e9ssel, mind a munk\u00e1ltat\u00f3k, mind a munkav\u00e1llal\u00f3k sz\u00e1m\u00e1ra t\u00e9r ny\u00edlik az eg\u00e9szs\u00e9gesebb<br>munk\u00e1ba j\u00e1r\u00e1s n\u00e9pszer\u0171s\u00edt\u00e9s\u00e9re<br>Az \u00e9p\u00edt\u00e9si munk\u00e1k tervezett kezd\u00e9s\u00e9nek ideje 2019 \u0151sze, \u00e9s el\u0151rel\u00e1that\u00f3lag 2020 \u00e9v v\u00e9g\u00e9ig teljes<br>k\u00f6r\u0171en \u00e1tad\u00e1sra ker\u00fcl a beruh\u00e1z\u00e1s.<br><br>A fejleszt\u00e9s \u00f6sszk\u00f6lts\u00e9ge mintegy 311 882 415 Ft, melyhez az Eur\u00f3pai Struktur\u00e1lis \u00e9s Beruh\u00e1z\u00e1si<br>Alapok mintegy 280 487 805 Ft t\u00e1mogat\u00e1st biztos\u00edtanak. A felmer\u00fcl\u0151 nem t\u00e1mogathat\u00f3 k\u00f6lts\u00e9geket<br>Lit\u00e9r \u00e9s Kir\u00e1lyszentistv\u00e1n K\u00f6zs\u00e9gek \u00d6nkorm\u00e1nyzatai \u00f6ner\u0151b\u0151l biztos\u00edtj\u00e1k<\/p>\n\n\n\n<p><\/p>\n\n\n\n<p><\/p>\n\n\n\n<p><strong>Projektk\u00f6zlem\u00e9ny 2021.06.30<\/strong><\/p>\n\n\n\n<p><strong>A \u201eKer\u00e9kp\u00e1r\u00fat l\u00e9tes\u00edt\u00e9se Lit\u00e9r-Kir\u00e1lyszentistv\u00e1n telep\u00fcl\u00e9sek k\u00f6z\u00f6tt\u201d c\u00edmmel &#8211; projektazonos\u00edt\u00f3 sz\u00e1ma TOP-3.1.1-16-VE1-2017-00018- a Kir\u00e1lyszentistv\u00e1n K\u00f6zs\u00e9g \u00d6nkorm\u00e1nyzata \u00e1ltal vezetett konzorcium &#8211; konzorciumi partner Lit\u00e9r K\u00f6zs\u00e9g \u00d6nkorm\u00e1nyzata- sikeresen p\u00e1ly\u00e1zott az Eur\u00f3pai Fejleszt\u00e9si Alap \u00e9s Magyarorsz\u00e1g k\u00f6lts\u00e9gvet\u00e9se \u00e1ltal t\u00e1rsfinansz\u00edrozott Telep\u00fcl\u00e9s \u00e9s Ter\u00fcletfejleszt\u00e9si Operat\u00edv Program Fenntarthat\u00f3 telep\u00fcl\u00e9si k\u00f6zleked\u00e9sfejleszt\u00e9s (TOP-3.1.1-16) megnevez\u00e9s\u0171 felh\u00edv\u00e1s\u00e1ra \u00e9s nyert brutt\u00f3 280, 487 mFt, p\u00e1ly\u00e1zati t\u00e1mogat\u00e1st a telep\u00fcl\u00e9seket \u00f6sszek\u00f6t\u0151 ker\u00e9kp\u00e1r\u00fat meg\u00e9p\u00edt\u00e9sre.<\/strong><\/p>\n\n\n\n<p>A t\u00e1mogat\u00f3i szerz\u0151d\u00e9s 2018.04.05.-\u00e9n l\u00e9pett hat\u00e1lyba.<\/p>\n\n\n\n<p>A Fejleszt\u00e9s nyom\u00e1n a k\u00e9t telep\u00fcl\u00e9s k\u00f6z\u00f6tt lehet\u0151s\u00e9g ny\u00edlik a biztons\u00e1gos ker\u00e9kp\u00e1roz\u00e1sra, valamint egy kor\u00e1bbi, Szentkir\u00e1lyszabadj\u00e1t \u00e9s Lit\u00e9rt \u00f6sszek\u00f6t\u0151 ker\u00e9kp\u00e1r\u00fatvonalhoz val\u00f3 csatlakoz\u00e1ssal Veszpr\u00e9m megk\u00f6zel\u00edt\u00e9se is megoldott lesz.<\/p>\n\n\n\n<p>A biztons\u00e1gos k\u00f6zleked\u00e9si felt\u00e9telekhez elengedhetetlen, hogy Lit\u00e9rt\u0151l Kir\u00e1lyszentistv\u00e1n belter\u00fcleti hat\u00e1r\u00e1ig \u00f6n\u00e1ll\u00f3an vezetett ker\u00e9kp\u00e1r\u00fat ker\u00fclj\u00f6n kialak\u00edt\u00e1sra, hiszen a g\u00e9pj\u00e1rm\u0171 forgalom kifejezetten magas a telep\u00fcl\u00e9sek k\u00f6z\u00f6tt.<\/p>\n\n\n\n<p>A projekt keret\u00e9ben 3,7 km ker\u00e9kp\u00e1r\u00fat \u00e9p\u00edtenek, illetve jel\u00f6lnek ki a k\u00e9t telep\u00fcl\u00e9s k\u00f6z\u00f6tt, amelyb\u0151l 2 km-es szakasz \u00fajonnan \u00e9p\u00edtett \u00fat lesz kiz\u00e1r\u00f3lag a biciklisek sz\u00e1m\u00e1ra, 1,7 km-es szakaszon pedig kijel\u00f6lt ker\u00e9kp\u00e1ros nyomvonalat alak\u00edtanak ki.<\/p>\n\n\n\n<p>A fejleszt\u00e9ssel, mind a munk\u00e1ltat\u00f3k, mind a munkav\u00e1llal\u00f3k sz\u00e1m\u00e1ra t\u00e9r ny\u00edlik az eg\u00e9szs\u00e9gesebb munk\u00e1ba j\u00e1r\u00e1s n\u00e9pszer\u0171s\u00edt\u00e9s\u00e9re.<\/p>\n\n\n\n<p>A fejleszt\u00e9s lez\u00e1rult.<\/p>\n\n\n\n<p><a href=\"https:\/\/kiralyszentistvan.hu\/data\/onkormanyzat\/aktualis\/2019\/Honlapra_KISZTI.pdf\">Projektk\u00f6zlem\u00e9ny &#8211; 2019.12.12<\/a><br><a href=\"https:\/\/kiralyszentistvan.hu\/data\/projekt\/%C3%96nkorm%C3%A1nyzat%20honlapj%C3%A1ra_Kir%C3%A1lyszentistv%C3%A1n_20210531.pdf\">Projektk\u00f6zlem\u00e9ny &#8211; 2021.06.30<\/a><\/p>\n\n\n\n<figure class=\"wp-block-gallery has-nested-images columns-default is-cropped wp-block-gallery-1 is-layout-flex wp-block-gallery-is-layout-flex\">\n<figure class=\"wp-block-image size-large\"><img loading=\"lazy\" decoding=\"async\" width=\"1024\" height=\"768\" data-id=\"883\" src=\"https:\/\/www.kiralyszentistvan.hu\/kiraly\/wp-content\/uploads\/2025\/06\/image10-1024x768.jpg\" alt=\"\" class=\"wp-image-883\" srcset=\"https:\/\/www.kiralyszentistvan.hu\/kiraly\/wp-content\/uploads\/2025\/06\/image10-1024x768.jpg 1024w, https:\/\/www.kiralyszentistvan.hu\/kiraly\/wp-content\/uploads\/2025\/06\/image10-300x225.jpg 300w, https:\/\/www.kiralyszentistvan.hu\/kiraly\/wp-content\/uploads\/2025\/06\/image10-768x576.jpg 768w, https:\/\/www.kiralyszentistvan.hu\/kiraly\/wp-content\/uploads\/2025\/06\/image10.jpg 1280w\" sizes=\"auto, (max-width: 1024px) 100vw, 1024px\" \/><\/figure>\n\n\n\n<figure class=\"wp-block-image size-large\"><img loading=\"lazy\" decoding=\"async\" width=\"1024\" height=\"768\" data-id=\"882\" src=\"https:\/\/www.kiralyszentistvan.hu\/kiraly\/wp-content\/uploads\/2025\/06\/image09-1024x768.jpg\" alt=\"\" class=\"wp-image-882\" srcset=\"https:\/\/www.kiralyszentistvan.hu\/kiraly\/wp-content\/uploads\/2025\/06\/image09-1024x768.jpg 1024w, https:\/\/www.kiralyszentistvan.hu\/kiraly\/wp-content\/uploads\/2025\/06\/image09-300x225.jpg 300w, https:\/\/www.kiralyszentistvan.hu\/kiraly\/wp-content\/uploads\/2025\/06\/image09-768x576.jpg 768w, https:\/\/www.kiralyszentistvan.hu\/kiraly\/wp-content\/uploads\/2025\/06\/image09.jpg 1280w\" sizes=\"auto, (max-width: 1024px) 100vw, 1024px\" \/><\/figure>\n\n\n\n<figure class=\"wp-block-image size-large\"><img loading=\"lazy\" decoding=\"async\" width=\"1024\" height=\"768\" data-id=\"881\" src=\"https:\/\/www.kiralyszentistvan.hu\/kiraly\/wp-content\/uploads\/2025\/06\/image08-1024x768.jpg\" alt=\"\" class=\"wp-image-881\" srcset=\"https:\/\/www.kiralyszentistvan.hu\/kiraly\/wp-content\/uploads\/2025\/06\/image08-1024x768.jpg 1024w, https:\/\/www.kiralyszentistvan.hu\/kiraly\/wp-content\/uploads\/2025\/06\/image08-300x225.jpg 300w, https:\/\/www.kiralyszentistvan.hu\/kiraly\/wp-content\/uploads\/2025\/06\/image08-768x576.jpg 768w, https:\/\/www.kiralyszentistvan.hu\/kiraly\/wp-content\/uploads\/2025\/06\/image08.jpg 1280w\" sizes=\"auto, (max-width: 1024px) 100vw, 1024px\" \/><\/figure>\n\n\n\n<figure class=\"wp-block-image size-large\"><img loading=\"lazy\" decoding=\"async\" width=\"1024\" height=\"768\" data-id=\"880\" src=\"https:\/\/www.kiralyszentistvan.hu\/kiraly\/wp-content\/uploads\/2025\/06\/image01-1024x768.jpg\" alt=\"\" class=\"wp-image-880\" srcset=\"https:\/\/www.kiralyszentistvan.hu\/kiraly\/wp-content\/uploads\/2025\/06\/image01-1024x768.jpg 1024w, https:\/\/www.kiralyszentistvan.hu\/kiraly\/wp-content\/uploads\/2025\/06\/image01-300x225.jpg 300w, https:\/\/www.kiralyszentistvan.hu\/kiraly\/wp-content\/uploads\/2025\/06\/image01-768x576.jpg 768w, https:\/\/www.kiralyszentistvan.hu\/kiraly\/wp-content\/uploads\/2025\/06\/image01.jpg 1280w\" sizes=\"auto, (max-width: 1024px) 100vw, 1024px\" \/><\/figure>\n\n\n\n<figure class=\"wp-block-image size-large\"><img loading=\"lazy\" decoding=\"async\" width=\"1024\" height=\"768\" data-id=\"879\" src=\"https:\/\/www.kiralyszentistvan.hu\/kiraly\/wp-content\/uploads\/2025\/06\/image02-1024x768.jpg\" alt=\"\" class=\"wp-image-879\" srcset=\"https:\/\/www.kiralyszentistvan.hu\/kiraly\/wp-content\/uploads\/2025\/06\/image02-1024x768.jpg 1024w, https:\/\/www.kiralyszentistvan.hu\/kiraly\/wp-content\/uploads\/2025\/06\/image02-300x225.jpg 300w, https:\/\/www.kiralyszentistvan.hu\/kiraly\/wp-content\/uploads\/2025\/06\/image02-768x576.jpg 768w, https:\/\/www.kiralyszentistvan.hu\/kiraly\/wp-content\/uploads\/2025\/06\/image02.jpg 1280w\" sizes=\"auto, (max-width: 1024px) 100vw, 1024px\" \/><\/figure>\n\n\n\n<figure class=\"wp-block-image size-large\"><img loading=\"lazy\" decoding=\"async\" width=\"1024\" height=\"768\" data-id=\"878\" src=\"https:\/\/www.kiralyszentistvan.hu\/kiraly\/wp-content\/uploads\/2025\/06\/image03-1024x768.jpg\" alt=\"\" class=\"wp-image-878\" srcset=\"https:\/\/www.kiralyszentistvan.hu\/kiraly\/wp-content\/uploads\/2025\/06\/image03-1024x768.jpg 1024w, https:\/\/www.kiralyszentistvan.hu\/kiraly\/wp-content\/uploads\/2025\/06\/image03-300x225.jpg 300w, https:\/\/www.kiralyszentistvan.hu\/kiraly\/wp-content\/uploads\/2025\/06\/image03-768x576.jpg 768w, https:\/\/www.kiralyszentistvan.hu\/kiraly\/wp-content\/uploads\/2025\/06\/image03.jpg 1280w\" sizes=\"auto, (max-width: 1024px) 100vw, 1024px\" \/><\/figure>\n\n\n\n<figure class=\"wp-block-image size-large\"><img loading=\"lazy\" decoding=\"async\" width=\"1024\" height=\"768\" data-id=\"877\" src=\"https:\/\/www.kiralyszentistvan.hu\/kiraly\/wp-content\/uploads\/2025\/06\/image04-1024x768.jpg\" alt=\"\" class=\"wp-image-877\" srcset=\"https:\/\/www.kiralyszentistvan.hu\/kiraly\/wp-content\/uploads\/2025\/06\/image04-1024x768.jpg 1024w, https:\/\/www.kiralyszentistvan.hu\/kiraly\/wp-content\/uploads\/2025\/06\/image04-300x225.jpg 300w, https:\/\/www.kiralyszentistvan.hu\/kiraly\/wp-content\/uploads\/2025\/06\/image04-768x576.jpg 768w, https:\/\/www.kiralyszentistvan.hu\/kiraly\/wp-content\/uploads\/2025\/06\/image04.jpg 1280w\" sizes=\"auto, (max-width: 1024px) 100vw, 1024px\" \/><\/figure>\n\n\n\n<figure class=\"wp-block-image size-large\"><img loading=\"lazy\" decoding=\"async\" width=\"1024\" height=\"768\" data-id=\"876\" src=\"https:\/\/www.kiralyszentistvan.hu\/kiraly\/wp-content\/uploads\/2025\/06\/image05-1024x768.jpg\" alt=\"\" class=\"wp-image-876\" srcset=\"https:\/\/www.kiralyszentistvan.hu\/kiraly\/wp-content\/uploads\/2025\/06\/image05-1024x768.jpg 1024w, https:\/\/www.kiralyszentistvan.hu\/kiraly\/wp-content\/uploads\/2025\/06\/image05-300x225.jpg 300w, https:\/\/www.kiralyszentistvan.hu\/kiraly\/wp-content\/uploads\/2025\/06\/image05-768x576.jpg 768w, https:\/\/www.kiralyszentistvan.hu\/kiraly\/wp-content\/uploads\/2025\/06\/image05.jpg 1280w\" sizes=\"auto, (max-width: 1024px) 100vw, 1024px\" \/><\/figure>\n\n\n\n<figure class=\"wp-block-image size-large\"><img loading=\"lazy\" decoding=\"async\" width=\"1024\" height=\"768\" data-id=\"875\" src=\"https:\/\/www.kiralyszentistvan.hu\/kiraly\/wp-content\/uploads\/2025\/06\/image06-1024x768.jpg\" alt=\"\" class=\"wp-image-875\" srcset=\"https:\/\/www.kiralyszentistvan.hu\/kiraly\/wp-content\/uploads\/2025\/06\/image06-1024x768.jpg 1024w, https:\/\/www.kiralyszentistvan.hu\/kiraly\/wp-content\/uploads\/2025\/06\/image06-300x225.jpg 300w, https:\/\/www.kiralyszentistvan.hu\/kiraly\/wp-content\/uploads\/2025\/06\/image06-768x576.jpg 768w, https:\/\/www.kiralyszentistvan.hu\/kiraly\/wp-content\/uploads\/2025\/06\/image06.jpg 1280w\" sizes=\"auto, (max-width: 1024px) 100vw, 1024px\" \/><\/figure>\n\n\n\n<figure class=\"wp-block-image size-large\"><img loading=\"lazy\" decoding=\"async\" width=\"1024\" height=\"768\" data-id=\"874\" src=\"https:\/\/www.kiralyszentistvan.hu\/kiraly\/wp-content\/uploads\/2025\/06\/image07-1024x768.jpg\" alt=\"\" class=\"wp-image-874\" srcset=\"https:\/\/www.kiralyszentistvan.hu\/kiraly\/wp-content\/uploads\/2025\/06\/image07-1024x768.jpg 1024w, https:\/\/www.kiralyszentistvan.hu\/kiraly\/wp-content\/uploads\/2025\/06\/image07-300x225.jpg 300w, https:\/\/www.kiralyszentistvan.hu\/kiraly\/wp-content\/uploads\/2025\/06\/image07-768x576.jpg 768w, https:\/\/www.kiralyszentistvan.hu\/kiraly\/wp-content\/uploads\/2025\/06\/image07.jpg 1280w\" sizes=\"auto, (max-width: 1024px) 100vw, 1024px\" \/><\/figure>\n<\/figure>\n","protected":false},"excerpt":{"rendered":"<p>Projektk\u00f6zlem\u00e9ny 2019.12.12 A \u201eKer\u00e9kp\u00e1r\u00fat l\u00e9tes\u00edt\u00e9se Lit\u00e9r-Kir\u00e1lyszentistv\u00e1n telep\u00fcl\u00e9sek k\u00f6z\u00f6tt\u201d c\u00edmmel &#8211; projektazonos\u00edt\u00f3sz\u00e1ma TOP-3.1.1-16-VE1-2017-00018- a Kir\u00e1lyszentistv\u00e1n K\u00f6zs\u00e9g \u00d6nkorm\u00e1nyzata \u00e1ltal vezetettkonzorcium &#8211; konzorciumi partner Lit\u00e9r K\u00f6zs\u00e9g \u00d6nkorm\u00e1nyzata- sikeresen p\u00e1ly\u00e1zott azEur\u00f3pai Fejleszt\u00e9si Alap \u00e9s Magyarorsz\u00e1g k\u00f6lts\u00e9gvet\u00e9se<a class=\"moretag\" href=\"https:\/\/www.kiralyszentistvan.hu\/kiraly\/projektek\/\">Tov\u00e1bbi inform\u00e1ci\u00f3\u2026<\/a><\/p>\n","protected":false},"author":1,"featured_media":0,"parent":0,"menu_order":0,"comment_status":"closed","ping_status":"closed","template":"","meta":{"footnotes":""},"class_list":["post-860","page","type-page","status-publish","hentry"],"featured_image_src":null,"featured_image_src_square":null,"_links":{"self":[{"href":"https:\/\/www.kiralyszentistvan.hu\/kiraly\/wp-json\/wp\/v2\/pages\/860","targetHints":{"allow":["GET"]}}],"collection":[{"href":"https:\/\/www.kiralyszentistvan.hu\/kiraly\/wp-json\/wp\/v2\/pages"}],"about":[{"href":"https:\/\/www.kiralyszentistvan.hu\/kiraly\/wp-json\/wp\/v2\/types\/page"}],"author":[{"embeddable":true,"href":"https:\/\/www.kiralyszentistvan.hu\/kiraly\/wp-json\/wp\/v2\/users\/1"}],"replies":[{"embeddable":true,"href":"https:\/\/www.kiralyszentistvan.hu\/kiraly\/wp-json\/wp\/v2\/comments?post=860"}],"version-history":[{"count":6,"href":"https:\/\/www.kiralyszentistvan.hu\/kiraly\/wp-json\/wp\/v2\/pages\/860\/revisions"}],"predecessor-version":[{"id":884,"href":"https:\/\/www.kiralyszentistvan.hu\/kiraly\/wp-json\/wp\/v2\/pages\/860\/revisions\/884"}],"wp:attachment":[{"href":"https:\/\/www.kiralyszentistvan.hu\/kiraly\/wp-json\/wp\/v2\/media?parent=860"}],"curies":[{"name":"wp","href":"https:\/\/api.w.org\/{rel}","templated":true}]}}