{"id":803,"date":"2025-01-26T18:37:16","date_gmt":"2025-01-26T18:37:16","guid":{"rendered":"https:\/\/www.kiralyszentistvan.hu\/kiraly\/?page_id=803"},"modified":"2026-01-07T16:36:36","modified_gmt":"2026-01-07T16:36:36","slug":"2025-evi-kepviselo-testuleti-ules","status":"publish","type":"page","link":"https:\/\/www.kiralyszentistvan.hu\/kiraly\/2025-evi-kepviselo-testuleti-ules\/","title":{"rendered":"2025 \u00e9vi k\u00e9pvisel\u0151 test\u00fcleti \u00fcl\u00e9s"},"content":{"rendered":"\n<p class=\"has-text-color has-link-color wp-elements-1 wp-block-paragraph\" style=\"color:#aa8114\"><a href=\"https:\/\/kiralyszentistvan.hu\/data\/onkormanyzat\/KT_ulesek\/2025\/Meghivo-250128.pdf\">Megh\u00edv\u00f3 2025.01.28. KT \u00fcl\u00e9sre <\/a><br><a href=\"https:\/\/kiralyszentistvan.hu\/data\/onkormanyzat\/KT_ulesek\/2025\/2025-01-28_KT-JKV.pdf\">2025 Janu\u00e1r 28. KT \u00fcl\u00e9s JKV<\/a><\/p>\n\n\n\n<p class=\"has-text-color has-link-color wp-elements-2 wp-block-paragraph\" style=\"color:#aa8114\"><a href=\"https:\/\/kiralyszentistvan.hu\/data\/onkormanyzat\/KT_ulesek\/2025\/Meghivo-20250131-RKT.pdf\">Megh\u00edv\u00f3 2025.01.31. RKT \u00fcl\u00e9sre<\/a><br><a href=\"https:\/\/kiralyszentistvan.hu\/data\/onkormanyzat\/KT_ulesek\/2025\/2025-01-31_KT-JKV.pdf\">2025.01.31 RKT \u00fcl\u00e9s JKV<\/a><\/p>\n\n\n\n<p class=\"has-text-color has-link-color wp-elements-3 wp-block-paragraph\" style=\"color:#aa8114\"><a href=\"https:\/\/kiralyszentistvan.hu\/data\/onkormanyzat\/KT_ulesek\/2025\/Meghivo-250227.pdf\">Megh\u00edv\u00f3 2025.02.27. RKT \u00fcl\u00e9sre<\/a><br><a href=\"https:\/\/kiralyszentistvan.hu\/data\/onkormanyzat\/KT_ulesek\/2025\/2025-02-27_RKT-JKV.pdf\">2025.02.27.RKT \u00fcl\u00e9s JKV<\/a><\/p>\n\n\n\n<p class=\"has-text-color has-link-color wp-elements-4 wp-block-paragraph\" style=\"color:#aa8114\"><a href=\"https:\/\/kiralyszentistvan.hu\/data\/onkormanyzat\/KT_ulesek\/2025\/Meghivo-250327.pdf\">Megh\u00edv\u00f3 2025.03.27. KT \u00fcl\u00e9sre<\/a><br><a href=\"https:\/\/kiralyszentistvan.hu\/data\/onkormanyzat\/KT_ulesek\/2025\/2025-03-27_KT-JKV.pdf\">2025.03.27 KT \u00fcl\u00e9s JKV<\/a><\/p>\n\n\n\n<p class=\"has-text-color has-link-color wp-elements-5 wp-block-paragraph\" style=\"color:#aa8114\"><a href=\"https:\/\/kiralyszentistvan.hu\/data\/onkormanyzat\/KT_ulesek\/2025\/Meghivo-250408.pdf\">Megh\u00edv\u00f3 2025.04.08. RKT \u00fcl\u00e9sre<\/a><br><a href=\"https:\/\/kiralyszentistvan.hu\/data\/onkormanyzat\/KT_ulesek\/2025\/2025-04-08_RKT-JKV.pdf\">2025.04.08. RKT \u00fcl\u00e9s JKV<\/a><\/p>\n\n\n\n<p class=\"has-text-color has-link-color wp-elements-6 wp-block-paragraph\" style=\"color:#aa8114\"><a href=\"https:\/\/kiralyszentistvan.hu\/data\/onkormanyzat\/KT_ulesek\/2025\/Meghivo-20250527.pdf\">Megh\u00edv\u00f3 2025.05.27. KT \u00fcl\u00e9sre<\/a><br><a href=\"https:\/\/kiralyszentistvan.hu\/data\/onkormanyzat\/KT_ulesek\/2025\/2025-05-27_KT-JKV.pdf\">2025.05.27. KT \u00fcl\u00e9s JKV<\/a><\/p>\n\n\n\n<p class=\"wp-block-paragraph\"><a href=\"https:\/\/kiralyszentistvan.hu\/data\/onkormanyzat\/KT_ulesek\/2025\/Meghivo-250624.pdf\">Megh\u00edv\u00f3 2025.06.24. KT \u00fcl\u00e9sre<\/a><br><a href=\"https:\/\/kiralyszentistvan.hu\/data\/onkormanyzat\/KT_ulesek\/2025\/2025-06-24_KT_JKV.pdf\">2025.06.24 KT \u00fcl\u00e9s JKV<\/a><\/p>\n\n\n\n<p class=\"wp-block-paragraph\"><a href=\"https:\/\/kiralyszentistvan.hu\/data\/onkormanyzat\/KT_ulesek\/2025\/Meghivo-250915.pdf\">Megh\u00edv\u00f3 2025.09.15. RKT \u00fcl\u00e9sre<\/a><br><a href=\"https:\/\/kiralyszentistvan.hu\/data\/onkormanyzat\/KT_ulesek\/2025\/2025-09-15_RKT-JKV.pdf\">2025.09.15 RKT \u00fcl\u00e9s JKV<\/a><\/p>\n\n\n\n<p class=\"has-text-color has-link-color wp-elements-7 wp-block-paragraph\" style=\"color:#aa8114\"><a href=\"https:\/\/kiralyszentistvan.hu\/data\/onkormanyzat\/KT_ulesek\/2025\/Meghivo-250923.pdf\">Megh\u00edv\u00f3 2025.09.23. KT \u00fcl\u00e9sre<\/a><br><a href=\"https:\/\/kiralyszentistvan.hu\/data\/onkormanyzat\/KT_ulesek\/2025\/2025-09-23_KT_JKV.pdf\">2025.09.23 KT \u00fcl\u00e9s JKV<\/a><\/p>\n\n\n\n<p class=\"has-text-color has-link-color wp-elements-8 wp-block-paragraph\" style=\"color:#aa8114\"><a href=\"https:\/\/kiralyszentistvan.hu\/data\/onkormanyzat\/KT_ulesek\/2025\/Meghivo-251106.pdf\">Megh\u00edv\u00f3 2025.11.06. RKT \u00fcl\u00e9sre<\/a><br><a href=\"https:\/\/kiralyszentistvan.hu\/data\/onkormanyzat\/KT_ulesek\/2025\/2025-11-06_RKT-JKV.pdf\">2025.11.06 RKT \u00fcl\u00e9s JKV<\/a><\/p>\n\n\n\n<p class=\"has-text-color has-link-color wp-elements-9 wp-block-paragraph\" style=\"color:#aa8114\"><a href=\"https:\/\/kiralyszentistvan.hu\/data\/onkormanyzat\/KT_ulesek\/2025\/Meghivo-251126.pdf\">Megh\u00edv\u00f3 2025.11.18. KT \u00fcl\u00e9sre<\/a><br><a href=\"https:\/\/kiralyszentistvan.hu\/data\/onkormanyzat\/KT_ulesek\/2025\/2025-11-18_KT_JKV.pdf\">2025.11.18 KT \u00fcl\u00e9s JKV<\/a><\/p>\n\n\n\n<p class=\"has-text-color has-link-color wp-elements-10 wp-block-paragraph\" style=\"color:#aa8114\"><a href=\"https:\/\/kiralyszentistvan.hu\/data\/onkormanyzat\/KT_ulesek\/2025\/Meghivo-kozmeghallgatas-251125%20.pdf\">Megh\u00edv\u00f3 2025.11.25. K\u00f6zmeghallgat\u00e1sra<\/a><br><a href=\"https:\/\/kiralyszentistvan.hu\/data\/onkormanyzat\/KT_ulesek\/2025\/2025-11-25_kozmeghallgatas.pdf\">2025.11.25 K\u00f6zmeghallgat\u00e1s JKV<\/a><\/p>\n\n\n\n<p class=\"has-text-color has-link-color wp-elements-11 wp-block-paragraph\" style=\"color:#aa8114\"><a href=\"https:\/\/kiralyszentistvan.hu\/data\/onkormanyzat\/KT_ulesek\/2025\/Meghivo-251209.pdf\">Megh\u00edv\u00f3 2025.12.09. RKT \u00fcl\u00e9sre<\/a><br><a href=\"https:\/\/kiralyszentistvan.hu\/data\/onkormanyzat\/KT_ulesek\/2025\/Meghivo-251209.pdf\">2025.12.09 RKT \u00fcl\u00e9s JKV<\/a><\/p>\n\n\n\n<p class=\"wp-block-paragraph\"><\/p>\n","protected":false},"excerpt":{"rendered":"<p>Megh\u00edv\u00f3 2025.01.28. KT \u00fcl\u00e9sre 2025 Janu\u00e1r 28. KT \u00fcl\u00e9s JKV Megh\u00edv\u00f3 2025.01.31. RKT \u00fcl\u00e9sre2025.01.31 RKT \u00fcl\u00e9s JKV Megh\u00edv\u00f3 2025.02.27. RKT \u00fcl\u00e9sre2025.02.27.RKT \u00fcl\u00e9s JKV Megh\u00edv\u00f3 2025.03.27. KT \u00fcl\u00e9sre2025.03.27 KT \u00fcl\u00e9s JKV Megh\u00edv\u00f3 2025.04.08.<a class=\"moretag\" href=\"https:\/\/www.kiralyszentistvan.hu\/kiraly\/2025-evi-kepviselo-testuleti-ules\/\">Tov\u00e1bbi inform\u00e1ci\u00f3\u2026<\/a><\/p>\n","protected":false},"author":1,"featured_media":0,"parent":0,"menu_order":0,"comment_status":"closed","ping_status":"closed","template":"","meta":{"footnotes":""},"class_list":["post-803","page","type-page","status-publish","hentry"],"featured_image_src":null,"featured_image_src_square":null,"publishpress_future_action":{"enabled":false,"date":"2026-09-10 07:46:50","action":"change-status","newStatus":"draft","terms":[],"taxonomy":"","extraData":[]},"publishpress_future_workflow_manual_trigger":{"enabledWorkflows":[]},"_links":{"self":[{"href":"https:\/\/www.kiralyszentistvan.hu\/kiraly\/wp-json\/wp\/v2\/pages\/803","targetHints":{"allow":["GET"]}}],"collection":[{"href":"https:\/\/www.kiralyszentistvan.hu\/kiraly\/wp-json\/wp\/v2\/pages"}],"about":[{"href":"https:\/\/www.kiralyszentistvan.hu\/kiraly\/wp-json\/wp\/v2\/types\/page"}],"author":[{"embeddable":true,"href":"https:\/\/www.kiralyszentistvan.hu\/kiraly\/wp-json\/wp\/v2\/users\/1"}],"replies":[{"embeddable":true,"href":"https:\/\/www.kiralyszentistvan.hu\/kiraly\/wp-json\/wp\/v2\/comments?post=803"}],"version-history":[{"count":25,"href":"https:\/\/www.kiralyszentistvan.hu\/kiraly\/wp-json\/wp\/v2\/pages\/803\/revisions"}],"predecessor-version":[{"id":985,"href":"https:\/\/www.kiralyszentistvan.hu\/kiraly\/wp-json\/wp\/v2\/pages\/803\/revisions\/985"}],"wp:attachment":[{"href":"https:\/\/www.kiralyszentistvan.hu\/kiraly\/wp-json\/wp\/v2\/media?parent=803"}],"curies":[{"name":"wp","href":"https:\/\/api.w.org\/{rel}","templated":true}]}}