{"id":720,"date":"2024-10-03T15:02:48","date_gmt":"2024-10-03T15:02:48","guid":{"rendered":"http:\/\/www.kiralyszentistvan.hu\/kiraly\/?page_id=720"},"modified":"2026-03-11T16:24:03","modified_gmt":"2026-03-11T16:24:03","slug":"gazdalkodas","status":"publish","type":"page","link":"https:\/\/www.kiralyszentistvan.hu\/kiraly\/gazdalkodas\/","title":{"rendered":"Gazd\u00e1lkod\u00e1s"},"content":{"rendered":"\n<p class=\"has-text-color has-link-color wp-elements-8c2c5c216c2488e087cebfac987d63a6\" style=\"color:#aa8114\"><strong>2020<\/strong><br><a href=\"https:\/\/kiralyszentistvan.hu\/data\/gazdalkodas\/2020\/2020_KTV_rend.pdf\">K\u00f6lts\u00e9gvet\u00e9si rendelet<\/a><br><a href=\"https:\/\/kiralyszentistvan.hu\/data\/gazdalkodas\/2020\/2020_KTV_egys-szerk.pdf\">K\u00f6lts\u00e9gvet\u00e9si rendelet egys\u00e9ges szerkezetben<\/a><br><a href=\"https:\/\/kiralyszentistvan.hu\/data\/gazdalkodas\/2020\/2020_3sz_KTV_rend_mod.pdf\">K\u00f6lts\u00e9gvet\u00e9si rendelet 3.sz\u00e1m\u00fa m\u00f3dos\u00edt\u00e1sa<\/a><br><a href=\"https:\/\/kiralyszentistvan.hu\/data\/gazdalkodas\/2020\/2020_4sz_KTV_rend_mod.pdf\">K\u00f6lts\u00e9gvet\u00e9si rendelet 4.sz\u00e1m\u00fa m\u00f3dos\u00edt\u00e1sa<\/a><br><a href=\"https:\/\/kiralyszentistvan.hu\/data\/gazdalkodas\/2020\/2020_zarszamadas%20_6-2021.pdf\">2020 Z\u00e1rsz\u00e1mad\u00e1s<\/a><\/p>\n\n\n\n<p class=\"has-text-color has-link-color wp-elements-e8ab2e135e8f94c3aa2d1f3af23e9d9f\" style=\"color:#aa8114\"><strong>2021<\/strong><br><a href=\"https:\/\/kiralyszentistvan.hu\/data\/gazdalkodas\/2021\/2021_KTV_3-2021.pdf\">K\u00f6lts\u00e9gvet\u00e9si rendelet<\/a><br><a href=\"https:\/\/kiralyszentistvan.hu\/data\/gazdalkodas\/2021\/2021_1sz_KTV_rend_mod.pdf\">K\u00f6lts\u00e9gvet\u00e9si rendelet 1.sz\u00e1m\u00fa m\u00f3dos\u00edt\u00e1sa<\/a><br><a href=\"https:\/\/kiralyszentistvan.hu\/data\/gazdalkodas\/2021\/2021_2sz_KTV_rend_mod.pdf\">K\u00f6lts\u00e9gvet\u00e9si rendelet 2.sz\u00e1m\u00fa m\u00f3dos\u00edt\u00e1sa<\/a><br><a href=\"https:\/\/kiralyszentistvan.hu\/data\/gazdalkodas\/2021\/2021_3sz_KTV_rend_mod.pdf\">K\u00f6lts\u00e9gvet\u00e9si rendelet 3.sz\u00e1m\u00fa m\u00f3dos\u00edt\u00e1sa<\/a><br><a href=\"https:\/\/kiralyszentistvan.hu\/data\/gazdalkodas\/2021\/2021_zarszamadas_4-2022.pdf\">2021 Z\u00e1rsz\u00e1mad\u00e1s<\/a><\/p>\n\n\n\n<p class=\"has-text-color has-link-color wp-elements-1f6207ef07793e8d77bfce2b8c787c05\" style=\"color:#aa8114\"><strong>2022<\/strong><br><a href=\"https:\/\/kiralyszentistvan.hu\/data\/gazdalkodas\/2022\/2022_KTV_1-2022.pdf\">K\u00f6lts\u00e9gvet\u00e9si rendelet<\/a><br><a href=\"https:\/\/kiralyszentistvan.hu\/data\/gazdalkodas\/2022\/2022_1sz_KTV_rend_mod.pdf\">K\u00f6lts\u00e9gvet\u00e9si rendelet 1.sz\u00e1m\u00fa m\u00f3dos\u00edt\u00e1sa<\/a><br><a href=\"https:\/\/kiralyszentistvan.hu\/data\/gazdalkodas\/2022\/2022_2sz_KTV_rend_mod.pdf\">K\u00f6lts\u00e9gvet\u00e9si rendelet 2.sz\u00e1m\u00fa m\u00f3dos\u00edt\u00e1sa<\/a><br><a href=\"https:\/\/kiralyszentistvan.hu\/data\/gazdalkodas\/2022\/2022_3sz_KTV_rend_mod.pdf\">K\u00f6lts\u00e9gvet\u00e9si rendelet 3.sz\u00e1m\u00fa m\u00f3dos\u00edt\u00e1sa<\/a><br><a href=\"https:\/\/kiralyszentistvan.hu\/data\/gazdalkodas\/2022\/2022_4sz_KTV_rend_mod.pdf\">K\u00f6lts\u00e9gvet\u00e9si rendelet 4.sz\u00e1m\u00fa m\u00f3dos\u00edt\u00e1sa<\/a><br><a href=\"https:\/\/kiralyszentistvan.hu\/data\/gazdalkodas\/2022\/2022_zarszamadas.pdf\">2022 Z\u00e1rsz\u00e1mad\u00e1s<\/a><\/p>\n\n\n\n<p class=\"has-text-color has-link-color wp-elements-08ddeb6c2f90c55b3a7fd74144aa0ac2\" style=\"color:#aa8114\"><strong>2023<\/strong><br><a href=\"https:\/\/kiralyszentistvan.hu\/data\/gazdalkodas\/2023\/2023_KTV_2-2023.pdf\">K\u00f6lts\u00e9gvet\u00e9si rendelet<\/a><br><a href=\"https:\/\/kiralyszentistvan.hu\/data\/gazdalkodas\/2023\/2023_1sz_KTV_rend_mod.pdf\">K\u00f6lts\u00e9gvet\u00e9si rendelet 1.sz\u00e1m\u00fa m\u00f3dos\u00edt\u00e1sa<\/a><br><a href=\"https:\/\/kiralyszentistvan.hu\/data\/gazdalkodas\/2023\/2023_2sz_KTV_rend_mod.pdf\">K\u00f6lts\u00e9gvet\u00e9si rendelet 2.sz\u00e1m\u00fa m\u00f3dos\u00edt\u00e1sa<\/a><br><a href=\"https:\/\/kiralyszentistvan.hu\/data\/gazdalkodas\/2023\/2023_3sz_KTV_rend_mod.pdf\">K\u00f6lts\u00e9gvet\u00e9si rendelet 3.sz\u00e1m\u00fa m\u00f3dos\u00edt\u00e1sa<\/a><br><a href=\"https:\/\/kiralyszentistvan.hu\/data\/gazdalkodas\/2023\/2023_4sz_KTV_rend_mod.pdf\">K\u00f6lts\u00e9gvet\u00e9si rendelet 4.sz\u00e1m\u00fa m\u00f3dos\u00edt\u00e1sa<\/a><br><a href=\"https:\/\/kiralyszentistvan.hu\/data\/gazdalkodas\/2023\/2023_zarszamadas.pdf\">2023 Z\u00e1rsz\u00e1mad\u00e1s<\/a><\/p>\n\n\n\n<p class=\"has-text-color has-link-color wp-elements-36f7b8016ce250dc844c659d293cd93f\" style=\"color:#aa8114\"><strong>2024<\/strong><br><a href=\"https:\/\/kiralyszentistvan.hu\/data\/gazdalkodas\/2024\/2024_KTV_2-2024.pdf\">K\u00f6lts\u00e9gvet\u00e9si rendelet<\/a><br><a href=\"https:\/\/kiralyszentistvan.hu\/data\/gazdalkodas\/2024\/2024_1sz_KTV_rend_mod.pdf\">K\u00f6lts\u00e9gvet\u00e9si rendelet 1.sz\u00e1m\u00fa m\u00f3dos\u00edt\u00e1sa<\/a><br><a href=\"https:\/\/kiralyszentistvan.hu\/data\/gazdalkodas\/2024\/2024_2sz_KTV_rend_mod.pdf\">K\u00f6lts\u00e9gvet\u00e9si rendelet 2.sz\u00e1m\u00fa m\u00f3dos\u00edt\u00e1sa<\/a><br><a href=\"https:\/\/kiralyszentistvan.hu\/data\/gazdalkodas\/2024\/2024_3sz_KTV_rend_mod.pdf\">K\u00f6lts\u00e9gvet\u00e9si rendelet 3.sz\u00e1m\u00fa m\u00f3dos\u00edt\u00e1sa<\/a><br><a href=\"https:\/\/kiralyszentistvan.hu\/data\/gazdalkodas\/2024\/2024_4sz_KTV_rend_mod.pdf\">K\u00f6lts\u00e9gvet\u00e9si rendelet 4.sz\u00e1m\u00fa m\u00f3dos\u00edt\u00e1sa<\/a><br><a href=\"https:\/\/kiralyszentistvan.hu\/data\/gazdalkodas\/2024\/2024_5sz_KTV_rend_mod.pdf\">K\u00f6lts\u00e9gvet\u00e9si rendelet 5.sz\u00e1m\u00fa m\u00f3dos\u00edt\u00e1sa<\/a><br><a href=\"https:\/\/kiralyszentistvan.hu\/data\/gazdalkodas\/2025\/2024_zarszamadas.pdf\">2024 Z\u00e1rsz\u00e1mad\u00e1s<\/a><\/p>\n\n\n\n<p class=\"has-text-color has-link-color wp-elements-f8010f956d3caa089075c0452d486eea\" style=\"color:#aa8114\"><strong>2025<\/strong><br><a href=\"https:\/\/kiralyszentistvan.hu\/data\/gazdalkodas\/2025\/2025_kozbeszerzesi_terv.pdf\">K\u00f6zbeszerz\u00e9si terv<\/a><br><a href=\"https:\/\/kiralyszentistvan.hu\/data\/gazdalkodas\/2025\/2025_KTV_3-2025.pdf\">K\u00f6lts\u00e9gvet\u00e9si rendelet<\/a><br><a href=\"https:\/\/kiralyszentistvan.hu\/data\/gazdalkodas\/2025\/2025_1sz_KTV_rend_mod.pdf\">K\u00f6lts\u00e9gvet\u00e9si rendelet 1.sz\u00e1m\u00fa m\u00f3dos\u00edt\u00e1sa<\/a><br><a href=\"https:\/\/kiralyszentistvan.hu\/data\/gazdalkodas\/2025\/2025_2sz_KTV_rend_mod.pdf\">K\u00f6lts\u00e9gvet\u00e9si rendelet 2. sz\u00e1m\u00fa m\u00f3dos\u00edt\u00e1sa<\/a><br><a href=\"https:\/\/kiralyszentistvan.hu\/data\/gazdalkodas\/2025\/2025_3sz_KTV_rend_mod.pdf\">K\u00f6lts\u00e9gvet\u00e9si rendelet 3. sz\u00e1m\u00fa m\u00f3dos\u00edt\u00e1sa<\/a><br><\/p>\n\n\n\n<p class=\"has-text-color has-link-color wp-elements-89ca7cc18ba62782f2562056b9606462\" style=\"color:#aa8114\"><strong>2026<\/strong><br><a href=\"https:\/\/kiralyszentistvan.hu\/data\/gazdalkodas\/2026\/2026_evi_koltsegvetes_3-2026.pdf\">K\u00f6lts\u00e9gvet\u00e9si rendelet<\/a><\/p>\n\n\n\n<p><\/p>\n","protected":false},"excerpt":{"rendered":"<p>2020K\u00f6lts\u00e9gvet\u00e9si rendeletK\u00f6lts\u00e9gvet\u00e9si rendelet egys\u00e9ges szerkezetbenK\u00f6lts\u00e9gvet\u00e9si rendelet 3.sz\u00e1m\u00fa m\u00f3dos\u00edt\u00e1saK\u00f6lts\u00e9gvet\u00e9si rendelet 4.sz\u00e1m\u00fa m\u00f3dos\u00edt\u00e1sa2020 Z\u00e1rsz\u00e1mad\u00e1s 2021K\u00f6lts\u00e9gvet\u00e9si rendeletK\u00f6lts\u00e9gvet\u00e9si rendelet 1.sz\u00e1m\u00fa m\u00f3dos\u00edt\u00e1saK\u00f6lts\u00e9gvet\u00e9si rendelet 2.sz\u00e1m\u00fa m\u00f3dos\u00edt\u00e1saK\u00f6lts\u00e9gvet\u00e9si rendelet 3.sz\u00e1m\u00fa m\u00f3dos\u00edt\u00e1sa2021 Z\u00e1rsz\u00e1mad\u00e1s 2022K\u00f6lts\u00e9gvet\u00e9si rendeletK\u00f6lts\u00e9gvet\u00e9si rendelet 1.sz\u00e1m\u00fa m\u00f3dos\u00edt\u00e1saK\u00f6lts\u00e9gvet\u00e9si rendelet 2.sz\u00e1m\u00fa m\u00f3dos\u00edt\u00e1saK\u00f6lts\u00e9gvet\u00e9si<a class=\"moretag\" href=\"https:\/\/www.kiralyszentistvan.hu\/kiraly\/gazdalkodas\/\">Tov\u00e1bbi inform\u00e1ci\u00f3\u2026<\/a><\/p>\n","protected":false},"author":1,"featured_media":0,"parent":0,"menu_order":0,"comment_status":"closed","ping_status":"closed","template":"","meta":{"footnotes":""},"class_list":["post-720","page","type-page","status-publish","hentry"],"featured_image_src":null,"featured_image_src_square":null,"_links":{"self":[{"href":"https:\/\/www.kiralyszentistvan.hu\/kiraly\/wp-json\/wp\/v2\/pages\/720","targetHints":{"allow":["GET"]}}],"collection":[{"href":"https:\/\/www.kiralyszentistvan.hu\/kiraly\/wp-json\/wp\/v2\/pages"}],"about":[{"href":"https:\/\/www.kiralyszentistvan.hu\/kiraly\/wp-json\/wp\/v2\/types\/page"}],"author":[{"embeddable":true,"href":"https:\/\/www.kiralyszentistvan.hu\/kiraly\/wp-json\/wp\/v2\/users\/1"}],"replies":[{"embeddable":true,"href":"https:\/\/www.kiralyszentistvan.hu\/kiraly\/wp-json\/wp\/v2\/comments?post=720"}],"version-history":[{"count":12,"href":"https:\/\/www.kiralyszentistvan.hu\/kiraly\/wp-json\/wp\/v2\/pages\/720\/revisions"}],"predecessor-version":[{"id":1014,"href":"https:\/\/www.kiralyszentistvan.hu\/kiraly\/wp-json\/wp\/v2\/pages\/720\/revisions\/1014"}],"wp:attachment":[{"href":"https:\/\/www.kiralyszentistvan.hu\/kiraly\/wp-json\/wp\/v2\/media?parent=720"}],"curies":[{"name":"wp","href":"https:\/\/api.w.org\/{rel}","templated":true}]}}