{"id":4,"date":"2017-08-26T07:21:03","date_gmt":"2017-08-26T07:21:03","guid":{"rendered":"http:\/\/www.kiralyszentistvan.hu\/kiraly\/?page_id=4"},"modified":"2017-08-26T10:40:41","modified_gmt":"2017-08-26T10:40:41","slug":"tisztelt-latogato","status":"publish","type":"page","link":"https:\/\/www.kiralyszentistvan.hu\/kiraly\/tisztelt-latogato\/","title":{"rendered":"Tisztelt L\u00e1togat\u00f3!"},"content":{"rendered":"<p style=\"text-align: justify;\">Szeretettel \u00fcdv\u00f6z\u00f6lj\u00fck k\u00f6zs\u00e9g\u00fcnk honlapj\u00e1n! Kir\u00e1lyszentistv\u00e1n, a Balaton \u00e9szakkeleti t\u00e9rs\u00e9g\u00e9ben, a Balatont\u00f3l 6 km-re h\u00faz\u00f3d\u00f3 S\u00e9d v\u00f6lgy\u00e9ben fekszik, Veszpr\u00e9mt\u0151l 12 km t\u00e1vols\u00e1gra. A v\u00f6lgyb\u0151l \u00e9s e kis telep\u00fcl\u00e9st szeg\u00e9lyez\u0151 dombokr\u00f3l egyszerre ny\u00edlik kil\u00e1t\u00e1s a Bakony vonulat\u00e1ra, valamint a Balatonra.<\/p>\n<p style=\"text-align: justify;\">Telep\u00fcl\u00e9s\u00fcnk k\u00f6zigazgat\u00e1si ter\u00fclete hat\u00e1ros Veszpr\u00e9m, Lit\u00e9r, S\u00f3ly, Balatonf\u0171zf\u0151 \u00e9s Vilonya k\u00f6zigazgat\u00e1si ter\u00fclet\u00e9vel, nagys\u00e1ga 891 ha, ebb\u0151l belter\u00fclet 26 ha, k\u00fclter\u00fclet 865 ha. F\u00f6ldrajzi adotts\u00e1gai alapj\u00e1n mez\u0151gazdas\u00e1gi \u00e9s ipari tev\u00e9kenys\u00e9gre is alkalmas ter\u00fcletekkel rendelkezik.<\/p>\n<p style=\"text-align: justify;\">Kir\u00e1lyszentistv\u00e1n 500 l\u00e9leksz\u00e1m\u00fa kis falu, melyre a csal\u00e1di h\u00e1zas lak\u00f3\u00f6vezet a jellemz\u0151, egy korszer\u0171 faluk\u00f6zponttal, melyben templom, bolt, Faluh\u00e1z, Polg\u00e1rmesteri Hivatal, orvosi rendel\u0151, \u00e9s a Szent Istv\u00e1n Park kapott helyet.<\/p>\n<p style=\"text-align: justify;\">Telep\u00fcl\u00e9s\u00fcnk k\u00e9pvisel\u0151-test\u00fclet\u00e9nek legjelent\u0151sebb rendezv\u00e9nye, a hagyom\u00e1nyos Szent Istv\u00e1n Nap, mely minden \u00e9vben augusztus 20-\u00e1n ker\u00fcl megrendez\u00e9sre.<\/p>\n<p style=\"text-align: justify;\">K\u00f6zs\u00e9g\u00fcnk testv\u00e9r-telep\u00fcl\u00e9se a szlov\u00e1kiai Csehi k\u00f6zs\u00e9g, melynek lak\u00f3ival \u00e9vek \u00f3ta bar\u00e1ti kapcsolatot \u00e1pol a falu lakoss\u00e1ga. Kir\u00e1lyszentistv\u00e1n alap\u00edt\u00f3 tagja volt a Szent Kir\u00e1ly Sz\u00f6vets\u00e9gnek, mely a magyar szent kir\u00e1lyok nev\u00e9t visel\u0151 telep\u00fcl\u00e9seket t\u00f6m\u00f6r\u00edti, hat\u00e1ron innen \u00e9s t\u00fal. A Sz\u00f6vets\u00e9g tagjai minden \u00e9vben tal\u00e1lkoz\u00f3t szerveznek, melynek mindig m\u00e1s tagtelep\u00fcl\u00e9s ad otthont. A rendezv\u00e9nyen bemutatkozik mind a h\u00e1zigazda mind a vend\u00e9g telep\u00fcl\u00e9sek kult\u00far\u00e1ja \u00e9s egy\u00e9nis\u00e9ge.<\/p>\n<p style=\"text-align: justify;\">Amennyiben e k\u00f6rny\u00e9ken j\u00e1r tekintse meg ezt az \u00c1rp\u00e1d-kori kis telep\u00fcl\u00e9st, ahol a hagyom\u00e1ny szerint S\u00f3ly \u00e9s Kir\u00e1lyszentistv\u00e1n hat\u00e1r\u00e1ban zajlott le 997-ben a t\u00f6rt\u00e9nelmi jelent\u0151s\u00e9g\u0171 csata, ahol Istv\u00e1n fejedelem legy\u0151zte az ellene l\u00e1zad\u00f3 pog\u00e1ny Kopp\u00e1nyt. Els\u0151 kir\u00e1lyunk eml\u00e9k\u00e9t nev\u00e9ben is \u0151rz\u0151 falut &#8222;Zenth Istwan&#8221;- k\u00e9nt eml\u00edtik (1488), mint a veszpr\u00e9mi v\u00e1r f\u00f6ldj\u00e9n \u00e9p\u00fclt telep\u00fcl\u00e9st. A k\u00f6z\u00e9pkori telep\u00fcl\u00e9s a mai hely\u00e9n fek\u00fcdt, ezt bizony\u00edtj\u00e1k a falu f\u0151utc\u00e1j\u00e1ban el\u0151ker\u00fclt \u00c1rp\u00e1d-kori cser\u00e9p-, k\u00e9s\u0151k\u00f6z\u00e9pkori ker\u00e1mialeletek, valamint az elm\u00falt \u00e9vekben felt\u00e1rt s\u00edrhelyek is. A monarchia 1908-as katonai nagygyakorlat\u00e1t a k\u00f6zs\u00e9g hat\u00e1r\u00e1ban f\u00fajt\u00e1k le. A d\u00edszszeml\u00e9t megtekintette I. Ferenc J\u00f3zsef apostoli kir\u00e1ly is, akkor kapta a kir\u00e1ly el\u0151nevet a falu.<\/p>\n<p style=\"text-align: justify;\">A k\u00f6z\u00e9pkorban h\u00e1rom V\u00edzimalom is m\u0171k\u00f6d\u00f6tt, egynek az \u00e9p\u00fclete m\u00e9g ma is fellelhet\u0151. A Malomv\u00f6lgy, az egykor szigetet alkot\u00f3 S\u00e9d patak ment\u00e9n h\u00faz\u00f3dik, ma v\u00e9detts\u00e9get \u00e9lvez, itt \u00e9l a homokban f\u00e9szkel\u0151 gyurgyalag, \u00e9s ny\u00e1r elej\u00e9n szemet gy\u00f6ny\u00f6rk\u00f6dtet\u0151en hull\u00e1mzik az \u00e1rval\u00e1nyhaj.<\/p>\n<p style=\"text-align: justify;\">J\u00f6jj\u00f6n el hozz\u00e1nk \u00e9s tekintse meg teh\u00e1t a Reform\u00e1tus templomot, amely 1839-1842-k\u00f6z\u00f6tt \u00e9p\u00fclt, \u00e9s a templom el\u0151tt l\u00e1that\u00f3 Millenniumi d\u00edszk\u00fatat. A falu k\u00f6zpontj\u00e1ban a Szent Istv\u00e1n Kapun \u00e1t bejutva pihenjen egyet a Szent Istv\u00e1n Parkban tal\u00e1lhat\u00f3 filag\u00f3ri\u00e1ban, vagy kir\u00e1nduljon ki a \u201eSukori\u201d-hegy szikl\u00e1ihoz.<\/p>\n<p style=\"text-align: right;\">Szeretettel v\u00e1rjuk!<br \/>\nK\u0151szegi Ilona<br \/>\npolg\u00e1rmester<\/p>\n","protected":false},"excerpt":{"rendered":"<p>Szeretettel \u00fcdv\u00f6z\u00f6lj\u00fck k\u00f6zs\u00e9g\u00fcnk honlapj\u00e1n! Kir\u00e1lyszentistv\u00e1n, a Balaton \u00e9szakkeleti t\u00e9rs\u00e9g\u00e9ben, a Balatont\u00f3l 6 km-re h\u00faz\u00f3d\u00f3 S\u00e9d v\u00f6lgy\u00e9ben fekszik, Veszpr\u00e9mt\u0151l 12 km t\u00e1vols\u00e1gra. A v\u00f6lgyb\u0151l \u00e9s e kis telep\u00fcl\u00e9st szeg\u00e9lyez\u0151 dombokr\u00f3l egyszerre ny\u00edlik kil\u00e1t\u00e1s<a class=\"moretag\" href=\"https:\/\/www.kiralyszentistvan.hu\/kiraly\/tisztelt-latogato\/\">Tov\u00e1bbi inform\u00e1ci\u00f3\u2026<\/a><\/p>\n","protected":false},"author":1,"featured_media":0,"parent":0,"menu_order":0,"comment_status":"closed","ping_status":"closed","template":"","meta":{"footnotes":""},"class_list":["post-4","page","type-page","status-publish","hentry"],"featured_image_src":null,"featured_image_src_square":null,"_links":{"self":[{"href":"https:\/\/www.kiralyszentistvan.hu\/kiraly\/wp-json\/wp\/v2\/pages\/4","targetHints":{"allow":["GET"]}}],"collection":[{"href":"https:\/\/www.kiralyszentistvan.hu\/kiraly\/wp-json\/wp\/v2\/pages"}],"about":[{"href":"https:\/\/www.kiralyszentistvan.hu\/kiraly\/wp-json\/wp\/v2\/types\/page"}],"author":[{"embeddable":true,"href":"https:\/\/www.kiralyszentistvan.hu\/kiraly\/wp-json\/wp\/v2\/users\/1"}],"replies":[{"embeddable":true,"href":"https:\/\/www.kiralyszentistvan.hu\/kiraly\/wp-json\/wp\/v2\/comments?post=4"}],"version-history":[{"count":3,"href":"https:\/\/www.kiralyszentistvan.hu\/kiraly\/wp-json\/wp\/v2\/pages\/4\/revisions"}],"predecessor-version":[{"id":15,"href":"https:\/\/www.kiralyszentistvan.hu\/kiraly\/wp-json\/wp\/v2\/pages\/4\/revisions\/15"}],"wp:attachment":[{"href":"https:\/\/www.kiralyszentistvan.hu\/kiraly\/wp-json\/wp\/v2\/media?parent=4"}],"curies":[{"name":"wp","href":"https:\/\/api.w.org\/{rel}","templated":true}]}}